{"id":69,"date":"2025-07-30T06:26:19","date_gmt":"2025-07-30T06:26:19","guid":{"rendered":"https:\/\/beschwerdechor-leverkusen.de\/?page_id=69"},"modified":"2025-08-27T12:52:29","modified_gmt":"2025-08-27T12:52:29","slug":"pressestimmen","status":"publish","type":"page","link":"https:\/\/beschwerdechor-leverkusen.de\/?page_id=69","title":{"rendered":"Pressestimmen"},"content":{"rendered":"<p>[et_pb_section fb_built=&#8220;1&#8243; admin_label=&#8220;section&#8220; _builder_version=&#8220;4.16&#8243; global_colors_info=&#8220;{}&#8220;][et_pb_row admin_label=&#8220;row&#8220; _builder_version=&#8220;4.16&#8243; background_size=&#8220;initial&#8220; background_position=&#8220;top_left&#8220; background_repeat=&#8220;repeat&#8220; global_colors_info=&#8220;{}&#8220;][et_pb_column type=&#8220;4_4&#8243; _builder_version=&#8220;4.16&#8243; custom_padding=&#8220;|||&#8220; global_colors_info=&#8220;{}&#8220; custom_padding__hover=&#8220;|||&#8220;][et_pb_image src=&#8220;https:\/\/beschwerdechor-leverkusen.de\/wp-content\/uploads\/2025\/08\/Pressefoto-Beschwerdechor-1024&#215;768.jpg&#8220; title_text=&#8220;beschwerdechor-mitglieder&#8220; _builder_version=&#8220;4.20.4&#8243; _module_preset=&#8220;default&#8220; global_colors_info=&#8220;{}&#8220;][\/et_pb_image][et_pb_text _builder_version=&#8220;4.20.4&#8243; _module_preset=&#8220;default&#8220; locked=&#8220;off&#8220; global_colors_info=&#8220;{}&#8220;]<\/p>\n<h3>14.07.2025 &#8211; Beschwerde-Chor klagt mit Tiefgang &#8211; Lena Schmitz<\/h3>\n<div id=\"attachment_107\" style=\"width: 310px\" class=\"wp-caption aligncenter\"><a href=\"https:\/\/beschwerdechor-leverkusen.de\/wp-content\/uploads\/2025\/08\/PHOTO-2025-08-27-13-04-15.jpg\"><img loading=\"lazy\" decoding=\"async\" aria-describedby=\"caption-attachment-107\" class=\"wp-image-107 size-medium\" src=\"https:\/\/beschwerdechor-leverkusen.de\/wp-content\/uploads\/2025\/08\/PHOTO-2025-08-27-13-04-15-300x227.jpg\" alt=\"\" width=\"300\" height=\"227\" \/><\/a><p id=\"caption-attachment-107\" class=\"wp-caption-text\">Lena Schmitz, in: K\u00f6lner Stadtanzeiger vom 14.07.2025<\/p><\/div>\n<p>Link zum Beitrag des K\u00f6lner Stadtanzeiger: <a href=\"https:\/\/www.ksta.de\/region\/leverkusen\/leichlingen\/leichlingen-leverkusener-beschwerdechor-bringt-musikalische-klagen-1064493\" target=\"_blank\" rel=\"noopener\">Leverkusener Beschwerdechor bringt musikalische Klagen mit Tiefgang<\/a><\/p>\n<p>&nbsp;<\/p>\n<hr \/>\n<p>&nbsp;<\/p>\n<h3>07.07.2019 &#8211; Flashmob f\u00fcrs Klima : Beschwerdechor singt seine Kritik &#8211; Tobias Br\u00fccker<\/h3>\n<p>Ein Mann mit langem grauen Haar steht scheinbar einsam inmitten der Fu\u00dfg\u00e4ngerzone in Wiesdorf. Vor<br \/>\nihm nur ein Notenst\u00e4nder. Doch es dauert nicht allzu lange, und von allen Seiten schlendern Menschen<br \/>\nheran. Wie in einem gigantischen Bienenstock summen sie vor sich hin \u2013 ehe sie sich als Chor zu<br \/>\nerkennen geben und pl\u00f6tzlich zum Flashmob werden.<br \/>\nEs ist der dritte seiner Art, den der Beschwerdechor auf die Stra\u00dfen von Leverkusen bringt. Am Samstag stand vor allem das Klima und die Erderw\u00e4rmung im Mittelpunkt der gesungenen Kritik. Die Botschaft ist klar und kommt in einem der Lieder mehrfach vor: \u201eWir k\u00f6nnen schon lange nicht mehr ruhig schlafen. Die Erde beginnt uns zu bestrafen\u201c, hei\u00dft dort.<br \/>\nSterben die Tiere, sterben die Meere, stirbt auch der Mensch. Viele Leute bleiben stehen, z\u00fccken das Handy. Andere werfen verstohlen einen Blick in die Richtung des scheinbar vor Ort improvisierten Chors, ziehen dann aber, die Einkaufstasche fest in der Hand, schnell weiter.<br \/>\nDrei Lieder hat der Chor, den es seit 2013 gibt, vorbereitet. Den Song, in dem die zumeist weiblichen S\u00e4nger Klimawandel beklagen, schrieb Chorleiter Michael Meierjohann selbst. Der 60-J\u00e4hrige leitet erst seit zwei Jahren das Ensemble, das sich montags im Kulturausbesserungswerk in Opladen trifft. Und er ist zufrieden mit der Resonanz: \u201eDie Menschen sind immer recht wohlwollend und freuen sich, wenn etwas in der Stadt passiert.\u201c<br \/>\nSo verlegte der Chor eher ungeplant seine Darbietung, die eigentlich nur zehn Minuten habe dauern sollen, in die Rathaus-Galerie \u2013 ohne Genehmigung sangen sie auch dort zwei Songs und erreichten ein noch gr\u00f6\u00dferes Publikum.<br \/>\nEs geh\u00f6rt sicher Mut dazu, sich in die Fu\u00dfg\u00e4ngerzone zu stellen und alle Blicke auf sich zu ziehen. Das gibt auch Susanne Leideck zu. \u201eEinige neue Mitglieder waren schon nerv\u00f6s heute morgen\u201c, erz\u00e4hlt sie nach getaner Arbeit. Doch in der Gruppe f\u00fchle man sich gleich sicherer.<\/p>\n<p>In der vergangenen Woche hatte die Leverkusener Ortsgruppe von Fridays for Future erwirkt, dass der Rat der Stadt den Klimanotstand ausrief. F\u00fcr Chorleiter Meierjohann grunds\u00e4tzlich ein gutes Zeichen. Das zeige, wie politisch die Jugend doch sei \u2013 allen Unkenrufen zum Trotz. \u201eEs ist toll, dass sie von der Politik ernstgenommen wurden\u201c, bekr\u00e4ftigt er.<br \/>\nOb der ausgerufene Klimanotstand nun wirklich etwas bewege, da ist der 60-J\u00e4hrige skeptisch: \u201eDas wird zu beweisen sein.\u201c Immerhin: Wenn sich die Politik nicht daran h\u00e4lt, ist das Thema des n\u00e4chsten Songs zumindest schon einmal gefunden.<\/p>\n<p>Originalbeitrag im PDF-Format: <a href=\"https:\/\/beschwerdechor-leverkusen.de\/wp-content\/uploads\/2025\/08\/flaesch-RP.pdf\">fl\u00e4sch RP<\/a><\/p>\n<p>&nbsp;<\/p>\n<hr \/>\n<p>&nbsp;<\/p>\n<h3><\/h3>\n<h3>Fl\u00e4schmob KSTA &#8211; Ralf Krieger<\/h3>\n<p>Die \u00e4ltere Dame mit Filzhut und Thermomantel wollte es genau wissen. \u201eWer sind die? Die singen so mit Schmackes. Sowas kommt an.\u201c Kein Konzertprogramm, kein Plakat gab es zum Spontankonzert des<br \/>\nBeschwerdechors des Kulturausbesserungswerks. Schon klar, dass es da Fragen gab. Auch klar war dem Publikum, das sich in der Opladener Fu\u00dfg\u00e4ngerzone am Samstag auf H\u00f6he der Birkenberg und der<br \/>\nBahnhofstra\u00dfe einfand, dass es sich lohnte, zu verweilen und innezuhalten.<br \/>\nUnd das bei Liedtiteln wie: \u201eSchnell weg da, weg, da weg.\u201c Wie Chorleiter Michael Meierjohann erkl\u00e4rte, war der spontane Menschenauflauf, der Flashmob, geplant worden, um die Auseinandersetzung mit dem \u201eIntelligenzvernichter Handy\u201c anzusto\u00dfen. Und die \u00e4ltere Dame war sofort auf Linie: \u201eDas mit den Handys ist eine schlimme Sucht.\u201c Dass der Chor auftrat, gefiel ihr gut. \u201eIch dachte zuerst, das ist ein Kirchenchor. Die singen ja auch so fr\u00f6hlich.\u201c<\/p>\n<p>Carla Racholt, die zuh\u00f6rte, hat bis vor zwei Jahren selbst mitgesungen und bedauerte, dass sie nicht mehr dabei ist. \u201eWenn ich das so h\u00f6re, denke ich, dass ich wieder mitmachen sollte.\u201c Michael Meierjohann probt jeden Montag, 19.30 Uhr, im Kulturausbesserungswerk, dem KAW an der Kolberger Stra\u00dfe, mit dem Beschwerdechor. Stimmbildung geh\u00f6rt dazu, und grunds\u00e4tzlich kann jeder mitsingen. Notenkenntnisse seien nicht erforderlich, sagt er.<br \/>\nDie Liedtitel sind mitunter ungew\u00f6hnlich. Strophen wie \u201eLummerland ist abgebrannt\u201c oder \u201eNeues Land, wo fr\u00fcher Wasser stand\u201c lassen aufhorchen. Tobias Thieles Lied \u201eUnerh\u00f6rt\u201c war zu h\u00f6ren. Es handelt von Menschen in Seenot, Krieg und Leid. Gesungen wird gegen Banker und Lobbyisten, den braunen Mob und Verhandlungen hinter verschlossenen T\u00fcren. Das Lied \u201eEin jeder Mensch\u201c hat der Chor selbst komponiert und darin geht es darum, dass ein jeder eine Heimat braucht. Grenzz\u00e4une haben auf dem kleinen Erdenball nichts verloren, und im Jammertal will wohl keiner leben.<\/p>\n<p>Die Idee zum Flashmob, f\u00fcr den man sich \u00fcbrigens auf dem obersten Parkdeck in der Kantstra\u00dfe eingesungen hatte, kam Meierjohann, nachdem er zwei-, dreimal von einem Smartphones\u00fcchtigen beinahe umgerannt wurde. \u201eWir wollten die Leute hier in der Fu\u00dfg\u00e4ngerzone heute einmal dazu auffordern, ihre St\u00f6psel aus dem Ohr zu nehmen.\u201c Das taten sie denn auch, die Spontanzuschauer. Und manch einer machte \u2013 ganz spontan \u2013 ein Selfie mit dem struppigen Chor.<\/p>\n<p>&nbsp;<\/p>\n<hr \/>\n<p>&nbsp;<\/p>\n<h3><\/h3>\n<h3>14.09.2018 &#8211; WDR3 Tonart<\/h3>\n<!--[if lt IE 9]><script>document.createElement('audio');<\/script><![endif]-->\n<audio class=\"wp-audio-shortcode\" id=\"audio-69-1\" preload=\"none\" style=\"width: 100%;\" controls=\"controls\"><source type=\"audio\/mpeg\" src=\"https:\/\/beschwerdechor-leverkusen.de\/wp-content\/uploads\/2025\/08\/wdr3tonart_2018-09-14_derbeschwerdechorleverkusen_wdr3.mp3?_=1\" \/><a href=\"https:\/\/beschwerdechor-leverkusen.de\/wp-content\/uploads\/2025\/08\/wdr3tonart_2018-09-14_derbeschwerdechorleverkusen_wdr3.mp3\">https:\/\/beschwerdechor-leverkusen.de\/wp-content\/uploads\/2025\/08\/wdr3tonart_2018-09-14_derbeschwerdechorleverkusen_wdr3.mp3<\/a><\/audio>\n<p>[\/et_pb_column][\/et_pb_row][\/et_pb_section]<\/p>\n<p>&nbsp;<\/p>\n","protected":false},"excerpt":{"rendered":"<p>[et_pb_section fb_built=&#8220;1&#8243; admin_label=&#8220;section&#8220; _builder_version=&#8220;4.16&#8243; global_colors_info=&#8220;{}&#8220;][et_pb_row admin_label=&#8220;row&#8220; _builder_version=&#8220;4.16&#8243; background_size=&#8220;initial&#8220; background_position=&#8220;top_left&#8220; background_repeat=&#8220;repeat&#8220; global_colors_info=&#8220;{}&#8220;][et_pb_column type=&#8220;4_4&#8243; _builder_version=&#8220;4.16&#8243; custom_padding=&#8220;|||&#8220; global_colors_info=&#8220;{}&#8220; custom_padding__hover=&#8220;|||&#8220;][et_pb_image src=&#8220;https:\/\/beschwerdechor-leverkusen.de\/wp-content\/uploads\/2025\/08\/Pressefoto-Beschwerdechor-1024&#215;768.jpg&#8220; title_text=&#8220;beschwerdechor-mitglieder&#8220; _builder_version=&#8220;4.20.4&#8243; _module_preset=&#8220;default&#8220; global_colors_info=&#8220;{}&#8220;][\/et_pb_image][et_pb_text _builder_version=&#8220;4.20.4&#8243; _module_preset=&#8220;default&#8220; locked=&#8220;off&#8220; global_colors_info=&#8220;{}&#8220;] 14.07.2025 &#8211; Beschwerde-Chor klagt mit Tiefgang &#8211; Lena Schmitz Link zum Beitrag des K\u00f6lner Stadtanzeiger: Leverkusener Beschwerdechor bringt musikalische Klagen mit Tiefgang &nbsp; &nbsp; 07.07.2019 &#8211; Flashmob f\u00fcrs Klima : [&hellip;]<\/p>\n","protected":false},"author":1,"featured_media":0,"parent":0,"menu_order":0,"comment_status":"closed","ping_status":"closed","template":"","meta":{"_et_pb_use_builder":"off","_et_pb_old_content":"","_et_gb_content_width":"","footnotes":""},"class_list":["post-69","page","type-page","status-publish","hentry"],"_links":{"self":[{"href":"https:\/\/beschwerdechor-leverkusen.de\/index.php?rest_route=\/wp\/v2\/pages\/69","targetHints":{"allow":["GET"]}}],"collection":[{"href":"https:\/\/beschwerdechor-leverkusen.de\/index.php?rest_route=\/wp\/v2\/pages"}],"about":[{"href":"https:\/\/beschwerdechor-leverkusen.de\/index.php?rest_route=\/wp\/v2\/types\/page"}],"author":[{"embeddable":true,"href":"https:\/\/beschwerdechor-leverkusen.de\/index.php?rest_route=\/wp\/v2\/users\/1"}],"replies":[{"embeddable":true,"href":"https:\/\/beschwerdechor-leverkusen.de\/index.php?rest_route=%2Fwp%2Fv2%2Fcomments&post=69"}],"version-history":[{"count":16,"href":"https:\/\/beschwerdechor-leverkusen.de\/index.php?rest_route=\/wp\/v2\/pages\/69\/revisions"}],"predecessor-version":[{"id":111,"href":"https:\/\/beschwerdechor-leverkusen.de\/index.php?rest_route=\/wp\/v2\/pages\/69\/revisions\/111"}],"wp:attachment":[{"href":"https:\/\/beschwerdechor-leverkusen.de\/index.php?rest_route=%2Fwp%2Fv2%2Fmedia&parent=69"}],"curies":[{"name":"wp","href":"https:\/\/api.w.org\/{rel}","templated":true}]}}